{"id":384,"date":"2021-06-08T20:26:45","date_gmt":"2021-06-08T19:26:45","guid":{"rendered":"https:\/\/brfdiariet6.se\/?page_id=384"},"modified":"2023-11-10T17:38:13","modified_gmt":"2023-11-10T16:38:13","slug":"nyinflyttad","status":"publish","type":"page","link":"https:\/\/brfdiariet6.se\/?page_id=384","title":{"rendered":"Nyinflyttad"},"content":{"rendered":"\n<p>H\u00e4r hittar du kortfattad information som g\u00e4ller oss som bor i Diariet 6.<\/p>\n\n\n\n<h2 class=\"has-normal-font-size\"><strong>Demokrati<\/strong><\/h2>\n\n\n\n<p>F\u00f6reningens verksamhet styrs av\u00a0stadgar som kan hittas <a href=\"https:\/\/brfdiariet6.se\/wp-content\/uploads\/2023\/11\/Stadgar-for-Bostadsrattsforeningen-Diariet-6-2023-1.pdf\" data-type=\"URL\">h\u00e4r<\/a>. En g\u00e5ng om \u00e5ret h\u00e5lls ordinarie \u00e5rsst\u00e4mman d\u00e4r alla medlemmar har r\u00e4tt att n\u00e4rvara och r\u00f6sta om de beslut som ska fattas.<\/p>\n\n\n\n<p>\u00c4r du intresserad av att bli del av <a href=\"https:\/\/brfdiariet6.se\/?page_id=10\" data-type=\"URL\" data-id=\"https:\/\/brfdiariet6.se\/?page_id=10\">styrelsen<\/a>? Kontakta i s\u00e5 fall <a href=\"mailto:valberedning@brfdiariet6.se\" data-type=\"mailto\" data-id=\"mailto:valberedning@brfdiariet6.se\">valberedningen<\/a>.<\/p>\n\n\n\n<h2 class=\"has-normal-font-size\"><strong>TV, Bredband &amp; Telefoni<\/strong><\/h2>\n\n\n\n<p>F\u00f6reningen k\u00f6per kollektivt TV, bredband &amp; telefoni fr\u00e5n Tele2. Avtalet inkluderar TV Silver, bredband 250\/50 Mbit, samt Telefoni Bas. Kostnaden \u00e4r 314 kronor och l\u00e4ggs till p\u00e5 m\u00e5nadsavgiften till f\u00f6reningen.<\/p>\n\n\n\n<h2 class=\"has-normal-font-size\"><strong>Lokaler<\/strong><\/h2>\n\n\n\n<p>Se <a href=\"https:\/\/brfdiariet6.se\/?page_id=382\">sidan f\u00f6r lokaler<\/a> f\u00f6r mer information kring v\u00e5ra f\u00f6rr\u00e5d, cykelrum samt tv\u00e4ttstuga.<\/p>\n\n\n\n<h2 class=\"has-normal-font-size\"><strong>F\u00f6rs\u00e4kring<\/strong><\/h2>\n\n\n\n<p>F\u00f6reningen t\u00e4cker ej skador eller renoveringar p\u00e5 det inre skicket i er l\u00e4genhet (t.ex. golv, tapeter, k\u00f6k, badrum) utan detta ansvaras separat av alla medlemmar och sina respektive l\u00e4genheter. F\u00f6r fullst\u00e4ndigt skydd s\u00e5 rekommenderas en hemf\u00f6rs\u00e4kring med bostadsr\u00e4ttstill\u00e4gg.<\/p>\n\n\n\n<h2 class=\"has-normal-font-size\"><strong>Sopor<\/strong><\/h2>\n\n\n\n<p>Vid fastigheten finns sopsk\u00e5p f\u00f6r hush\u00e5llsavfall och tidningspapper samt en kompost f\u00f6r tr\u00e4dg\u00e5rdsavfall. Det \u00e4r ej till\u00e5tet att f\u00f6rvara sopor i trapphus, entr\u00e9er eller p\u00e5 f\u00f6reningens mark. Milj\u00f6stationer f\u00f6r f\u00f6rpackningar finns p\u00e5 Abrahamsbergsv\u00e4gen och Kvarnbacksv\u00e4gen. Linta i Riksby \u00e4r n\u00e4rmaste \u00e5tervinningscentral f\u00f6r grovsopor.<\/p>\n\n\n\n<h2 class=\"has-normal-font-size\"><strong>Renoveringsfr\u00e5gor<\/strong><\/h2>\n\n\n\n<p>Se <a href=\"https:\/\/brfdiariet6.se\/?page_id=390\">sidan f\u00f6r renoveringar<\/a> kring vad som \u00e4r till\u00e5tet, och vad som inte \u00e4r till\u00e5tet. Kom ih\u00e5g att du m\u00e5ste i vissa fall ans\u00f6ka till styrelsen om bygglov.<\/p>\n\n\n\n<h2 class=\"has-normal-font-size\"><strong>Namnlappar<\/strong><\/h2>\n\n\n\n<p>\u00c4r du nyinflyttad s\u00e5 \u00e4r det m\u00f6jligt att vi har missat byta namn i port och i brevl\u00e5da. Skriv i s\u00e5 fall ett mail till <a href=\"mailto:styrelsen@brfdiariet6.se\" data-type=\"mailto\" data-id=\"mailto:styrelsen@brfdiariet6.se\">styrelsen<\/a> s\u00e5 kommer vi att \u00e5tg\u00e4rda det snarast. F\u00f6reningen s\u00e4tter upp namn p\u00e5 medlemmar p\u00e5 postfack och tidningskl\u00e4mma. Kontakta oss om du har inneboende som vill ha sitt namn uppsatt.<\/p>\n\n\n\n<h2 class=\"has-normal-font-size\"><strong>Trivselregler<\/strong><\/h2>\n\n\n\n<p>Se <a href=\"https:\/\/brfdiariet6.se\/?page_id=391\">sidan f\u00f6r trivselregler<\/a> f\u00f6r mer information.<\/p>\n","protected":false},"excerpt":{"rendered":"<p>H\u00e4r hittar du kortfattad information som g\u00e4ller oss som bor i Diariet 6. Demokrati F\u00f6reningens verksamhet styrs av\u00a0stadgar som kan hittas h\u00e4r. En g\u00e5ng om \u00e5ret h\u00e5lls ordinarie \u00e5rsst\u00e4mman d\u00e4r alla medlemmar har r\u00e4tt att n\u00e4rvara och r\u00f6sta om de beslut som ska fattas. \u00c4r du intresserad av att bli del av styrelsen? Kontakta i &hellip; <\/p>\n<p class=\"link-more\"><a href=\"https:\/\/brfdiariet6.se\/?page_id=384\" class=\"more-link\">Forts\u00e4tt l\u00e4sa<span class=\"screen-reader-text\"> \u201dNyinflyttad\u201d<\/span><\/a><\/p>\n","protected":false},"author":1,"featured_media":0,"parent":409,"menu_order":0,"comment_status":"closed","ping_status":"closed","template":"","meta":[],"_links":{"self":[{"href":"https:\/\/brfdiariet6.se\/index.php?rest_route=\/wp\/v2\/pages\/384"}],"collection":[{"href":"https:\/\/brfdiariet6.se\/index.php?rest_route=\/wp\/v2\/pages"}],"about":[{"href":"https:\/\/brfdiariet6.se\/index.php?rest_route=\/wp\/v2\/types\/page"}],"author":[{"embeddable":true,"href":"https:\/\/brfdiariet6.se\/index.php?rest_route=\/wp\/v2\/users\/1"}],"replies":[{"embeddable":true,"href":"https:\/\/brfdiariet6.se\/index.php?rest_route=%2Fwp%2Fv2%2Fcomments&post=384"}],"version-history":[{"count":6,"href":"https:\/\/brfdiariet6.se\/index.php?rest_route=\/wp\/v2\/pages\/384\/revisions"}],"predecessor-version":[{"id":529,"href":"https:\/\/brfdiariet6.se\/index.php?rest_route=\/wp\/v2\/pages\/384\/revisions\/529"}],"up":[{"embeddable":true,"href":"https:\/\/brfdiariet6.se\/index.php?rest_route=\/wp\/v2\/pages\/409"}],"wp:attachment":[{"href":"https:\/\/brfdiariet6.se\/index.php?rest_route=%2Fwp%2Fv2%2Fmedia&parent=384"}],"curies":[{"name":"wp","href":"https:\/\/api.w.org\/{rel}","templated":true}]}}