{"id":398,"date":"2021-06-08T20:28:39","date_gmt":"2021-06-08T19:28:39","guid":{"rendered":"https:\/\/brfdiariet6.se\/?page_id=398"},"modified":"2021-06-09T08:50:07","modified_gmt":"2021-06-09T07:50:07","slug":"kulturklassning","status":"publish","type":"page","link":"https:\/\/brfdiariet6.se\/?page_id=398","title":{"rendered":"Kulturklassning"},"content":{"rendered":"\n<p>Fastigheten har av Stockholms stadsmuseum f\u00e5tt en s\u00e5 kallad gr\u00f6n klassificering, vilket betyder att den \u00e4r s\u00e4rskilt v\u00e4rdefull fr\u00e5n historisk, kulturhistorisk, milj\u00f6m\u00e4ssig eller konstn\u00e4rlig synpunkt. Alla v\u00e4sentliga f\u00f6r\u00e4ndringar av fastighetens utseende kr\u00e4ver bygglov av Stadsbyggnadskontoret.<\/p>\n\n\n\n<p>Fastigheten kulturklassades av f\u00f6ljande motivering:<\/p>\n\n\n\n<p><em>\u201dDiariet 6 \u00e4r bebyggd med ett lamellhus uppf\u00f6rt 1945-46, ritat av arkitekten Adrian Langendal. Byggnaden utg\u00f6r med sitt l\u00e4ge intill Drottningholmsv\u00e4gen ett viktigt inslag i stadsbilden. Byggnaden \u00e4r tidstypisk, v\u00e4lgestaltad och i huvudsak v\u00e4lbevarad; och har arkitektoniska v\u00e4rden. De utbytta balkongfronterna \u00f6verensst\u00e4mmer inte med ursprunglig gestaltning.\u201d<\/em><\/p>\n\n\n\n<p>\u00c5r 2015 fick Tyr\u00e9ns uppdrag att uppr\u00e4tta en kulturhistorisk dokumentation om fastigheten. Denna dokumentation kan hittas <a href=\"https:\/\/brfdiariet6.se\/wp-content\/uploads\/2021\/06\/Brf-Diariet-6.-Kulturhistorisk-dokumentation-med-a\u030atga\u0308rdsfo\u0308rslag.-2015-06-18.pdf\">h\u00e4r<\/a>.<\/p>\n","protected":false},"excerpt":{"rendered":"<p>Fastigheten har av Stockholms stadsmuseum f\u00e5tt en s\u00e5 kallad gr\u00f6n klassificering, vilket betyder att den \u00e4r s\u00e4rskilt v\u00e4rdefull fr\u00e5n historisk, kulturhistorisk, milj\u00f6m\u00e4ssig eller konstn\u00e4rlig synpunkt. Alla v\u00e4sentliga f\u00f6r\u00e4ndringar av fastighetens utseende kr\u00e4ver bygglov av Stadsbyggnadskontoret. Fastigheten kulturklassades av f\u00f6ljande motivering: \u201dDiariet 6 \u00e4r bebyggd med ett lamellhus uppf\u00f6rt 1945-46, ritat av arkitekten Adrian Langendal. Byggnaden &hellip; <\/p>\n<p class=\"link-more\"><a href=\"https:\/\/brfdiariet6.se\/?page_id=398\" class=\"more-link\">Forts\u00e4tt l\u00e4sa<span class=\"screen-reader-text\"> \u201dKulturklassning\u201d<\/span><\/a><\/p>\n","protected":false},"author":1,"featured_media":0,"parent":409,"menu_order":3,"comment_status":"closed","ping_status":"closed","template":"","meta":[],"_links":{"self":[{"href":"https:\/\/brfdiariet6.se\/index.php?rest_route=\/wp\/v2\/pages\/398"}],"collection":[{"href":"https:\/\/brfdiariet6.se\/index.php?rest_route=\/wp\/v2\/pages"}],"about":[{"href":"https:\/\/brfdiariet6.se\/index.php?rest_route=\/wp\/v2\/types\/page"}],"author":[{"embeddable":true,"href":"https:\/\/brfdiariet6.se\/index.php?rest_route=\/wp\/v2\/users\/1"}],"replies":[{"embeddable":true,"href":"https:\/\/brfdiariet6.se\/index.php?rest_route=%2Fwp%2Fv2%2Fcomments&post=398"}],"version-history":[{"count":4,"href":"https:\/\/brfdiariet6.se\/index.php?rest_route=\/wp\/v2\/pages\/398\/revisions"}],"predecessor-version":[{"id":437,"href":"https:\/\/brfdiariet6.se\/index.php?rest_route=\/wp\/v2\/pages\/398\/revisions\/437"}],"up":[{"embeddable":true,"href":"https:\/\/brfdiariet6.se\/index.php?rest_route=\/wp\/v2\/pages\/409"}],"wp:attachment":[{"href":"https:\/\/brfdiariet6.se\/index.php?rest_route=%2Fwp%2Fv2%2Fmedia&parent=398"}],"curies":[{"name":"wp","href":"https:\/\/api.w.org\/{rel}","templated":true}]}}