{"id":497,"date":"2021-11-19T01:08:25","date_gmt":"2021-11-19T00:08:25","guid":{"rendered":"https:\/\/brfdiariet6.se\/?page_id=497"},"modified":"2025-10-07T17:04:56","modified_gmt":"2025-10-07T16:04:56","slug":"maklarinfo","status":"publish","type":"page","link":"https:\/\/brfdiariet6.se\/?page_id=497","title":{"rendered":"M\u00e4klarinfo"},"content":{"rendered":"\n<p><strong>M\u00e4klarinfo<\/strong><\/p>\n\n\n\n<p>Det faller i styrelsens arbete vid tillf\u00e4llen att besvara m\u00e4klare och intressenter om diverse fr\u00e5gor om fastigheten, vi har f\u00f6r enkelhetens skull samlat de fr\u00e5gor vi f\u00e5r p\u00e5 denna sida f\u00f6r enklare referens.<\/p>\n\n\n\n<p><strong>Informationen \u00e4r uppdaterad 2025-09-21.<\/strong><br>\u2022 Avgiftsh\u00f6jning med 3,5% fr\u00e5n och med 2026-01-01<\/p>\n\n\n\n<p>Se g\u00e4rna senaste \u00e5rsredovisning <a href=\"https:\/\/brfdiariet6.se\/wp-content\/uploads\/2025\/07\/BRF-Diariet-6-a%CC%8Arsredovisning-2024-slutgiltig.pdf\" data-type=\"URL\" data-id=\"https:\/\/brfdiariet6.se\/wp-content\/uploads\/2025\/07\/BRF-Diariet-6-a%CC%8Arsredovisning-2024-slutgiltig.pdf\" target=\"_blank\" rel=\"noreferrer noopener\"><strong>h\u00e4r<\/strong><\/a><\/p>\n\n\n\n<p><\/p>\n\n\n\n<p><strong>F\u00f6r aktuell m\u00e4klarbild, kontakta ekonomisk f\u00f6rvaltare.<\/strong><\/p>\n\n\n\n<p>Fastigheten<br>\u2022 Byggnads\u00e5r 1945<br>\u2022 Fastigheten har av Stockholms stadsmuseum f\u00e5tt en s\u00e5 kallad gr\u00f6n klassificering, vilket betyder att den \u00e4r s\u00e4rskilt v\u00e4rdefull fr\u00e5n historisk, kulturhistorisk, milj\u00f6m\u00e4ssig eller konstn\u00e4rlig synpunkt.<br>\u2022 Byggnaden anv\u00e4nder sig av ett sj\u00e4lvdragssystem f\u00f6r ventilation.<br>\u2022 Endast kolfilterfl\u00e4kt \u00e4r till\u00e5tet.<br>\u2022 Marken \u00e4r uppl\u00e5ten med en tomtr\u00e4tt.<br>\u2022 Uppv\u00e4rmningssystem via fj\u00e4rrv\u00e4rme<br><br><strong>2025<\/strong><br>\u2022 Renovering av lokalen i port 28, Bromma-naprapaterna har flyttat in.<br>\u2022 Grannf\u00f6reningen Brf. Diariet 5 f\u00f6rvaltar tills vidare parkeringsplatserna p\u00e5 Registerv\u00e4gen.<\/p>\n\n\n\n<p><strong>2024<\/strong><br>\u2022 Stamspolning i hela fastigheten.<br>\u2022 Nya utem\u00f6bler till den gemensamma uteplatsen.<\/p>\n\n\n\n<p><strong>2023<\/strong><br>\u2022 Fiberuppdatering i fastigheten med mer fiber och 10G-teknik<\/p>\n\n\n\n<p><strong>2022<\/strong><br>\u2022 F\u00f6reningen b\u00f6rjade med matavfallshantering.<br>\u2022 F\u00f6reningen omf\u00f6rhandlade och uppdaterade till ett f\u00f6rm\u00e5nligare Gruppavtal med Tele2 g\u00e4llande bredband, telefoni- och TV.<\/p>\n\n\n\n<p><strong>2018<\/strong><br>\u2022 Uppfr\u00e4schning av tr\u00e4dg\u00e5rd samt ny pump i VVS-central<\/p>\n\n\n\n<p><strong>2017<\/strong><br>\u2022 Ombyggnation av tidigare lokal p\u00e5 entr\u00e9plan till hyresr\u00e4ttsbostad.<\/p>\n\n\n\n<p><strong>2016<\/strong><br>\u2022 Renovering av trapphus och entr\u00e9er<\/p>\n\n\n\n<p><strong>2015<\/strong><br>\u2022 El-renovering<br>\u2022 Renovering av entr\u00e9er och trapphus<br>\u2022 Spolning av stammarna<\/p>\n\n\n\n<p><strong>2014<\/strong><br>\u2022 Dr\u00e4nering av fastighet<br>\u2022 Stenl\u00e4ggning<br>\u2022 Nya rabatter<\/p>\n\n\n\n<p><strong>2013<\/strong><br>\u2022 Nyanlagd uteplats<br>\u2022 Nytt k\u00e4rlsk\u00e5p f\u00f6r sopsortering<br>\u2022 F\u00f6nsterrenovering<br>\u2022 Nylagt tegeltak med sn\u00f6rasskydd\u2022 Skorstenar putades och m\u00e5lades om<\/p>\n\n\n\n<p><strong>2012<\/strong><br>\u2022 F\u00f6nsterrenovering<\/p>\n\n\n\n<p><strong>2011<\/strong><br>\u2022 Tv\u00e4ttstuga renoverad med nya tv\u00e4ttmaskiner<br>\u2022 Stambyte har slutf\u00f6rts (har \u00e4gt rum i olika etapper sedan 90-talet)<br><br> <strong>2009<\/strong><br>\u2022 Installation av s\u00e4kerhetsd\u00f6rrar<br>\u2022 Omm\u00e5lade trapphus och nya postboxar.<br><br><strong>1991<\/strong><br>\u2022 Nya badrum<br><br><strong>1986<\/strong><br>\u2022 Fasad och balkongrenovering<\/p>\n\n\n\n<p><strong>F\u00f6reningen<\/strong><br>\u2022 F\u00f6reningen bildades \u00e5r 2001.<br>\u2022 \u00c4kta f\u00f6rening.<br>\u2022 F\u00f6reningen best\u00e5r idag av 29 bostadsr\u00e4tter, 2 hyresr\u00e4tter och 2 kommersiella lokaler.<br>\u2022 \u00c5r 2020 byggdes en lokal om till tv\u00e5 bostadsr\u00e4tter.<br>\u2022 Medlemsans\u00f6kningar skickas till ekonomisk f\u00f6rvaltare.<\/p>\n\n\n\n<p><strong>Gemensamma utrymmen<br><\/strong>\u2022 Tv\u00e4ttstuga<br>\u2022 Mangel- och strykrum<br>\u2022 Cykelf\u00f6rr\u00e5d<br>\u2022 Barnvagnsf\u00f6rr\u00e5d<\/p>\n\n\n\n<p><strong>Parkeringsplatser<\/strong><br>\u2022 F\u00f6reningen har 3 parkeringsplatser p\u00e5 f\u00f6reningens mark, samtliga uthyrda. F\u00f6reningen har ytterligare tv\u00e5 parkeringsplatser p\u00e5 Registerv\u00e4gen tillf\u00e4lliga f\u00f6r uthyrning till medlemmar mot en avgift till grannf\u00f6rening Brf. Diariet 5 utan k\u00f6tid.<\/p>\n\n\n\n<p><strong>Bredband, TV och Telefoni levereras av Tele2<\/strong><br>\u2022 Gruppavtal TV Silver + Bredband 250\/50mbit\/s + Telefoni Bas.<br>\u2022 Avgiften f\u00f6r Bredband, TV och Telefoni \u00e4r obligatorisk och ing\u00e5r i medlemsavgift, <br>kostnad: 325 kr\/m\u00e5n men kommer h\u00f6jas till 335\/m\u00e5n kr 2026.<\/p>\n\n\n\n<p><strong>Ekonomisk f\u00f6rvaltning sk\u00f6ts sedan september 2018 av Storholmen AB.<\/strong><br>\u2022 Kontakta Storholmen f\u00f6r aktuell m\u00e4klarbild.<br>\u2022 www.storholmen.se\/<br>\u2022 Telefon: +46-8-520 252 00<br>\u2022 E-post: info@storholmen.se<\/p>\n","protected":false},"excerpt":{"rendered":"<p>M\u00e4klarinfo Det faller i styrelsens arbete vid tillf\u00e4llen att besvara m\u00e4klare och intressenter om diverse fr\u00e5gor om fastigheten, vi har f\u00f6r enkelhetens skull samlat de fr\u00e5gor vi f\u00e5r p\u00e5 denna sida f\u00f6r enklare referens. Informationen \u00e4r uppdaterad 2025-09-21.\u2022 Avgiftsh\u00f6jning med 3,5% fr\u00e5n och med 2026-01-01 Se g\u00e4rna senaste \u00e5rsredovisning h\u00e4r F\u00f6r aktuell m\u00e4klarbild, kontakta ekonomisk &hellip; <\/p>\n<p class=\"link-more\"><a href=\"https:\/\/brfdiariet6.se\/?page_id=497\" class=\"more-link\">Forts\u00e4tt l\u00e4sa<span class=\"screen-reader-text\"> \u201dM\u00e4klarinfo\u201d<\/span><\/a><\/p>\n","protected":false},"author":1,"featured_media":0,"parent":409,"menu_order":0,"comment_status":"closed","ping_status":"closed","template":"","meta":[],"_links":{"self":[{"href":"https:\/\/brfdiariet6.se\/index.php?rest_route=\/wp\/v2\/pages\/497"}],"collection":[{"href":"https:\/\/brfdiariet6.se\/index.php?rest_route=\/wp\/v2\/pages"}],"about":[{"href":"https:\/\/brfdiariet6.se\/index.php?rest_route=\/wp\/v2\/types\/page"}],"author":[{"embeddable":true,"href":"https:\/\/brfdiariet6.se\/index.php?rest_route=\/wp\/v2\/users\/1"}],"replies":[{"embeddable":true,"href":"https:\/\/brfdiariet6.se\/index.php?rest_route=%2Fwp%2Fv2%2Fcomments&post=497"}],"version-history":[{"count":8,"href":"https:\/\/brfdiariet6.se\/index.php?rest_route=\/wp\/v2\/pages\/497\/revisions"}],"predecessor-version":[{"id":561,"href":"https:\/\/brfdiariet6.se\/index.php?rest_route=\/wp\/v2\/pages\/497\/revisions\/561"}],"up":[{"embeddable":true,"href":"https:\/\/brfdiariet6.se\/index.php?rest_route=\/wp\/v2\/pages\/409"}],"wp:attachment":[{"href":"https:\/\/brfdiariet6.se\/index.php?rest_route=%2Fwp%2Fv2%2Fmedia&parent=497"}],"curies":[{"name":"wp","href":"https:\/\/api.w.org\/{rel}","templated":true}]}}